{"version":"1.0","type":"rich","provider_name":"Izquierda Unida - El Viso del Alcor","provider_url":"https:\/\/iuelviso.org","title":"Anabel Burgos: \"la gente tiene la oportunidad de cambiar para mejorar El Viso\"","author_name":"\u00c1rea de Comunicaci\u00f3n","width":"742","height":"410","url":"https:\/\/mail.iuelviso.org\/anabel-burgos-gente-oportunidad-cambiar-para-mejorar-el-viso","html":"\u003Ch4 class='title'\u003E\u003Ca href='https:\/\/mail.iuelviso.org\/anabel-burgos-gente-oportunidad-cambiar-para-mejorar-el-viso'\u003EAnabel Burgos: \"la gente tiene la oportunidad de cambiar para mejorar El Viso\"\u003C\/a\u003E\u003C\/h4\u003E\u003Cblockquote class='spip'\u003E\u003Cimg src=\"https:\/\/farm6.staticflickr.com\/5579\/14685310453_a4ff9ac220_z.jpg\" width=\"100%\" height=\"276\" alt=\"Rueda de prensa: Presentaci\u00f3n de Anabel Burgos como candidata\"\u003E\n\u003Cp\u003EAnabel Burgos ofreci\u00f3 en el d\u00eda de ayer, una rueda de prensa donde se presentaba al pueblo de El Viso del Alcor como candidata a la alcald\u00eda, para las pr\u00f3ximas elecciones municipales de mayo de 2015, rodeada de parte de las compa\u00f1eras y compa\u00f1eros de IU El Viso.\u003C\/p\u003E\u003C\/blockquote\u003E\n"}