{"version":"1.0","type":"rich","provider_name":"Izquierda Unida - El Viso del Alcor","provider_url":"https:\/\/iuelviso.org","title":"Galer\u00eda de fotos: Acto hermanamiento con el pueblo saharaui","author_name":"\u00c1rea de Comunicaci\u00f3n","width":"742","height":"410","url":"https:\/\/mail.iuelviso.org\/galeria-de-fotos-acto","html":"\u003Ch4 class='title'\u003E\u003Ca href='https:\/\/mail.iuelviso.org\/galeria-de-fotos-acto'\u003EGaler\u00eda de fotos: Acto hermanamiento con el pueblo saharaui\u003C\/a\u003E\u003C\/h4\u003E\u003Cblockquote class='spip'\u003E\u003Cp\u003EAlgunas im\u00e1genes del acto celebrado el 28 de Febrero, en el que Izquierda Unida de El Viso ha entregado los beneficios de su \u00faltima caseta a proyectos de cooperaci\u00f3n con el pueblo saharui.\u003C\/p\u003E\u003C\/blockquote\u003E\n"}