{"version":"1.0","type":"rich","provider_name":"Izquierda Unida - El Viso del Alcor","provider_url":"https:\/\/iuelviso.org","title":"Hacia la Tercera Rep\u00fablica","author_name":"\u00c1rea de Comunicaci\u00f3n","width":"742","height":"410","url":"https:\/\/mail.iuelviso.org\/hacia-la-tercera-republica","html":"\u003Ch4 class='title'\u003E\u003Ca href='https:\/\/mail.iuelviso.org\/hacia-la-tercera-republica'\u003EHacia la Tercera Rep\u00fablica\u003C\/a\u003E\u003C\/h4\u003E\u003Cblockquote class='spip'\u003E\u003Ccenter\u003E\u003Cobject width=\"100%\" height=\"344\"\u003E\u003Cparam name=\"movie\" value=\"http:\/\/www.youtube.com\/v\/mkXmeaf7318&amp;hl=es&amp;fs=1&amp;rel=0\"\u003E\u003C\/param\u003E\u003Cparam name=\"allowFullScreen\" value=\"true\"\u003E\u003C\/param\u003E\u003Cparam name=\"allowscriptaccess\" value=\"always\"\u003E\u003C\/param\u003E\u003Cembed src=\"http:\/\/www.youtube.com\/v\/mkXmeaf7318&amp;hl=es&amp;fs=1&amp;rel=0\" type=\"application\/x-shockwave-flash\" allowscriptaccess=\"always\" allowfullscreen=\"true\" width=\"100%\" height=\"344\"\u003E\u003C\/embed\u003E\u003C\/object\u003E\u003C\/center\u003E\u003C\/blockquote\u003E\n"}