{"version":"1.0","type":"rich","provider_name":"Izquierda Unida - El Viso del Alcor","provider_url":"https:\/\/iuelviso.org","title":"Vuelve el cine de verano: Carmina y Am\u00e9n","author_name":"Administrador","width":"742","height":"410","url":"https:\/\/mail.iuelviso.org\/vuelve-el-cine-de-verano-carmina-amen","html":"\u003Ch4 class='title'\u003E\u003Ca href='https:\/\/mail.iuelviso.org\/vuelve-el-cine-de-verano-carmina-amen'\u003EVuelve el cine de verano: Carmina y Am\u00e9n\u003C\/a\u003E\u003C\/h4\u003E\u003Cblockquote class='spip'\u003E\u003Cp\u003ENuestra formaci\u00f3n vuelve a proyectar este mes de agosto diferentes pel\u00edculas con las que pretendemos que la gente no s\u00f3lo pueda pasar un buen rato, sino adem\u00e1s, puedan extraer una lecci\u00f3n de vida de una forma amena y en compa\u00f1\u00eda. La primera cita es el pr\u00f3ximo \u003Cstrong\u003Emartes 18 de agosto a las 21:30 en la trasera del Patio de la Academia\u003C\/strong\u003E.\u003C\/p\u003E\u003C\/blockquote\u003E\n"}